{"id":2700,"date":"2025-04-11T12:35:21","date_gmt":"2025-04-11T10:35:21","guid":{"rendered":"https:\/\/www.postira.art\/707-music\/"},"modified":"2026-03-05T23:18:55","modified_gmt":"2026-03-05T22:18:55","slug":"707-music","status":"publish","type":"page","link":"https:\/\/www.postira.art\/cs\/707-music\/","title":{"rendered":"707-MUSIC Dechov\u00e1 hudba"},"content":{"rendered":"<h3><strong><a id=\"Kapitel01\"><\/a>Werke und <\/strong><strong>Arrangements f\u00fcr <\/strong><strong>Blaskapelle<\/strong><\/h3>\n<h3><span style=\"color: #ff0000;\"><strong>Nov\u00e9 skladby a \u010d\u00e1ste\u010dn\u011b tak\u00e9 aran\u017em\u00e1 Willy Odermatt vyd\u00e1v\u00e1 \u0161v\u00fdcarsk\u00e9 hudebn\u00ed nakladatelstv\u00ed <a href=\"http:\/\/www.obrasso.ch\">OBRASSO AG<\/a>, Wiedlisbach.<\/strong><\/span><\/h3>\n<h4><a href=\"https:\/\/www.postira.art\/wp-content\/uploads\/2026\/03\/flyer_blaskapelle_serie.pdf\"><strong><em>Flyer Blaskapelle Serie Musikverlag OBRASSO AG<\/em><\/strong><\/a><\/h4>\n<h3><span style=\"font-size: 14pt;\"><a href=\"#Kapitel01\">D\u00edla a aran\u017em\u00e1 pro dechov\u00fd orchestr<\/a><\/span><\/h3>\n<h4><span style=\"font-size: 14pt;\"><a href=\"#Kapitel02\">D\u00edla a aran\u017em\u00e1 pro harmonick\u00e9 obsazen\u00ed<\/a><\/span><\/h4>\n<h4><span style=\"font-size: 14pt;\"><a href=\"#Kapitel03\">D\u00edla a aran\u017em\u00e1 pro brass band<\/a><\/span><\/h4>\n<h4><span style=\"font-size: 14pt;\"><a href=\"#Kapitel04\">R\u016fzn\u00e9<\/a><\/span><\/h4>\n<hr>\n<p><strong>Advents-Zauberland<\/strong> (Polka f\u00fcr Blaskapelle, Komposition 2025 \/ synthetische Aufnahme)<br \/>\n<audio class=\"wp-audio-shortcode\" id=\"audio-2700-1\" preload=\"none\" style=\"width: 100%;\" controls=\"controls\"><source type=\"audio\/mpeg\" src=\"https:\/\/www.postira.art\/wp-content\/uploads\/2026\/03\/03_Advents-Zauberland_Audio.mp3?_=1\" \/><a href=\"https:\/\/www.postira.art\/wp-content\/uploads\/2026\/03\/03_Advents-Zauberland_Audio.mp3\">https:\/\/www.postira.art\/wp-content\/uploads\/2026\/03\/03_Advents-Zauberland_Audio.mp3<\/a><\/audio><br \/>\n<span style=\"color: #ff0000;\">New: Available from OBRASSO Verlag AG, Wiedlisbach<\/span> <a href=\"http:\/\/www.obrasso.ch\">Obrasso Verlag AG Wiedlisbach<\/a><\/p>\n<hr>\n<p><strong>Bellinzona<\/strong> <em>(Arrangement 2008 Blaskapelle\/Studioaufnahme)<\/em><br \/>\n<audio class=\"wp-audio-shortcode\" id=\"audio-2700-2\" preload=\"none\" style=\"width: 100%;\" controls=\"controls\"><source type=\"audio\/mpeg\" src=\"https:\/\/www.postira.art\/wp-content\/uploads\/2025\/04\/Bellinzona.mp3?_=2\" \/><a href=\"https:\/\/www.postira.art\/wp-content\/uploads\/2025\/04\/Bellinzona.mp3\">https:\/\/www.postira.art\/wp-content\/uploads\/2025\/04\/Bellinzona.mp3<\/a><\/audio><\/p>\n<hr>\n<p><strong>B\u00e9same mucho<\/strong><em> (Solo f\u00fcr Querfl\u00f6te und Blaskapelle \/ Arrangement 2011\/2025 \/synthetische Aufnahme)<\/em><br \/>\n<audio class=\"wp-audio-shortcode\" id=\"audio-2700-3\" preload=\"none\" style=\"width: 100%;\" controls=\"controls\"><source type=\"audio\/mpeg\" src=\"https:\/\/www.postira.art\/wp-content\/uploads\/2025\/11\/Besame-mucho.mp3?_=3\" \/><a href=\"https:\/\/www.postira.art\/wp-content\/uploads\/2025\/11\/Besame-mucho.mp3\">https:\/\/www.postira.art\/wp-content\/uploads\/2025\/11\/Besame-mucho.mp3<\/a><\/audio><\/p>\n<hr>\n<p><strong>Bossa Grove<\/strong><em> (Komposition 2024 Blaskapelle\/synthetische Aufnahme)<\/em><br \/>\n<audio class=\"wp-audio-shortcode\" id=\"audio-2700-4\" preload=\"none\" style=\"width: 100%;\" controls=\"controls\"><source type=\"audio\/mpeg\" src=\"https:\/\/www.postira.art\/wp-content\/uploads\/2026\/03\/03_Bossa-Grove_Audio.mp3?_=4\" \/><a href=\"https:\/\/www.postira.art\/wp-content\/uploads\/2026\/03\/03_Bossa-Grove_Audio.mp3\">https:\/\/www.postira.art\/wp-content\/uploads\/2026\/03\/03_Bossa-Grove_Audio.mp3<\/a><\/audio><br \/>\n<span style=\"color: #ff0000;\">New: Available from OBRASSO Verlag AG, Wiedlisbach<\/span> <a href=\"http:\/\/www.obrasso.ch\">Obrasso Verlag AG Wiedlisbach<\/a><\/p>\n<hr>\n<p><strong>Chumm \u00fcber&#8217;s M\u00e4tteli<\/strong> (Solo f\u00fcr Fl\u00fcgelhorn und Blaskapelle, Arrangement 2025 \/ synthetische Aufnahme)<br \/>\n<audio class=\"wp-audio-shortcode\" id=\"audio-2700-5\" preload=\"none\" style=\"width: 100%;\" controls=\"controls\"><source type=\"audio\/mpeg\" src=\"https:\/\/www.postira.art\/wp-content\/uploads\/2025\/11\/Chum-uebers-Maetteli.mp3?_=5\" \/><a href=\"https:\/\/www.postira.art\/wp-content\/uploads\/2025\/11\/Chum-uebers-Maetteli.mp3\">https:\/\/www.postira.art\/wp-content\/uploads\/2025\/11\/Chum-uebers-Maetteli.mp3<\/a><\/audio><\/p>\n<hr>\n<p><strong>Elisabeth-Polka<\/strong> <em>(Komposition 2023 Arrangement 2025 Blaskapelle\/synthetische Aufnahme)<\/em><br \/>\n<audio class=\"wp-audio-shortcode\" id=\"audio-2700-6\" preload=\"none\" style=\"width: 100%;\" controls=\"controls\"><source type=\"audio\/mpeg\" src=\"https:\/\/www.postira.art\/wp-content\/uploads\/2026\/03\/03_Elisabeth-Polka_Audio.mp3?_=6\" \/><a href=\"https:\/\/www.postira.art\/wp-content\/uploads\/2026\/03\/03_Elisabeth-Polka_Audio.mp3\">https:\/\/www.postira.art\/wp-content\/uploads\/2026\/03\/03_Elisabeth-Polka_Audio.mp3<\/a><\/audio><br \/>\n<span style=\"color: #ff0000;\">New: Available from OBRASSO Verlag AG, Wiedlisbach<\/span> <a href=\"http:\/\/www.obrasso.ch\">Obrasso Verlag AG Wiedlisbach<\/a><\/p>\n<hr>\n<p><strong>Frohes Wiedersehn<\/strong> <em>(Marsch-Swing\/Arrangement 2009 Blaskapelle und Brass Band\/Studioaufnahme)<\/em><br \/>\n<audio class=\"wp-audio-shortcode\" id=\"audio-2700-7\" preload=\"none\" style=\"width: 100%;\" controls=\"controls\"><source type=\"audio\/mpeg\" src=\"https:\/\/www.postira.art\/wp-content\/uploads\/2025\/04\/Frohes-Wiedersehn.mp3?_=7\" \/><a href=\"https:\/\/www.postira.art\/wp-content\/uploads\/2025\/04\/Frohes-Wiedersehn.mp3\">https:\/\/www.postira.art\/wp-content\/uploads\/2025\/04\/Frohes-Wiedersehn.mp3<\/a><\/audio><\/p>\n<hr>\n<p><strong>Gandria<\/strong><em> (Marsch Arrangement 2010 Blaskapelle\/Studioaufnahme)<\/em><br \/>\n<audio class=\"wp-audio-shortcode\" id=\"audio-2700-8\" preload=\"none\" style=\"width: 100%;\" controls=\"controls\"><source type=\"audio\/mpeg\" src=\"https:\/\/www.postira.art\/wp-content\/uploads\/2025\/04\/Gandria.mp3?_=8\" \/><a href=\"https:\/\/www.postira.art\/wp-content\/uploads\/2025\/04\/Gandria.mp3\">https:\/\/www.postira.art\/wp-content\/uploads\/2025\/04\/Gandria.mp3<\/a><\/audio><\/p>\n<hr>\n<p><strong>Glocken-Polka<\/strong> <em><span style=\"color: #000000;\">(Komposition neu 2025<\/span> f\u00fcr Blaskapelle\/synthetische Aufnahme)<\/em><br \/>\n<audio class=\"wp-audio-shortcode\" id=\"audio-2700-9\" preload=\"none\" style=\"width: 100%;\" controls=\"controls\"><source type=\"audio\/mpeg\" src=\"https:\/\/www.postira.art\/wp-content\/uploads\/2026\/03\/03_Glocken-Polka_Audio_.mp3?_=9\" \/><a href=\"https:\/\/www.postira.art\/wp-content\/uploads\/2026\/03\/03_Glocken-Polka_Audio_.mp3\">https:\/\/www.postira.art\/wp-content\/uploads\/2026\/03\/03_Glocken-Polka_Audio_.mp3<\/a><\/audio><br \/>\n<span style=\"color: #ff0000;\">New: Available from OBRASSO Verlag AG, Wiedlisbach<\/span> <a href=\"http:\/\/www.obrasso.ch\">Obrasso Verlag AG Wiedlisbach<\/a><\/p>\n<hr>\n<p><strong>Ich weiss es nicht<\/strong> <em>(m\u00e4hrische Polka Komposition 2022 Blaskapelle\/synthetische Aufnahme)<\/em><br \/>\n<audio class=\"wp-audio-shortcode\" id=\"audio-2700-10\" preload=\"none\" style=\"width: 100%;\" controls=\"controls\"><source type=\"audio\/mpeg\" src=\"https:\/\/www.postira.art\/wp-content\/uploads\/2026\/03\/03_Ich-weiss-es-nicht_Audio.mp3?_=10\" \/><a href=\"https:\/\/www.postira.art\/wp-content\/uploads\/2026\/03\/03_Ich-weiss-es-nicht_Audio.mp3\">https:\/\/www.postira.art\/wp-content\/uploads\/2026\/03\/03_Ich-weiss-es-nicht_Audio.mp3<\/a><\/audio><br \/>\n<span style=\"color: #ff0000;\">New: Available from OBRASSO Verlag AG, Wiedlisbach<\/span> <a href=\"http:\/\/www.obrasso.ch\">Obrasso Verlag AG Wiedlisbach<\/a><\/p>\n<hr>\n<p><strong>Im sch\u00f6nen Unterwalden<\/strong> <em>(Marsch-Fox <span style=\"color: #000000;\">Arrangement 2001\/2025<\/span> Blaskapelle\/synthetische Aufnahme)<\/em><br \/>\n<audio class=\"wp-audio-shortcode\" id=\"audio-2700-11\" preload=\"none\" style=\"width: 100%;\" controls=\"controls\"><source type=\"audio\/mpeg\" src=\"https:\/\/www.postira.art\/wp-content\/uploads\/2026\/03\/03_Im-schoenen-Unterwalden_Audio.mp3?_=11\" \/><a href=\"https:\/\/www.postira.art\/wp-content\/uploads\/2026\/03\/03_Im-schoenen-Unterwalden_Audio.mp3\">https:\/\/www.postira.art\/wp-content\/uploads\/2026\/03\/03_Im-schoenen-Unterwalden_Audio.mp3<\/a><\/audio><br \/>\n<span style=\"color: #ff0000;\">New: Available from OBRASSO Verlag AG, Wiedlisbach<\/span> <a href=\"http:\/\/www.obrasso.ch\">Obrasso Verlag AG Wiedlisbach<\/a><\/p>\n<hr>\n<p><strong>Im Schwyzerl\u00e4ndli<\/strong> <em>(L\u00e4ndler <span style=\"color: #000000;\">Arrangement 2001\/2025<\/span> Blaskapelle\/synthetische Aufnahme)<\/em><br \/>\n<audio class=\"wp-audio-shortcode\" id=\"audio-2700-12\" preload=\"none\" style=\"width: 100%;\" controls=\"controls\"><source type=\"audio\/mpeg\" src=\"https:\/\/www.postira.art\/wp-content\/uploads\/2026\/03\/03_Im-Schwyzerlaendli_Audio.mp3?_=12\" \/><a href=\"https:\/\/www.postira.art\/wp-content\/uploads\/2026\/03\/03_Im-Schwyzerlaendli_Audio.mp3\">https:\/\/www.postira.art\/wp-content\/uploads\/2026\/03\/03_Im-Schwyzerlaendli_Audio.mp3<\/a><\/audio><br \/>\n<span style=\"color: #ff0000;\">Neu: Zu beziehen bei OBRASSO Verlag AG, Wiedlisbach<\/span> <a href=\"http:\/\/www.obrasso.ch\">Obrasso Verlag AG Wiedlisbach<\/a><\/p>\n<hr>\n<p><strong>Karl M\u00fchlebach-Marsch <\/strong><em>(Komposition 2020 Blaskapelle\/Studioaufnahme)<\/em><br \/>\n<audio class=\"wp-audio-shortcode\" id=\"audio-2700-13\" preload=\"none\" style=\"width: 100%;\" controls=\"controls\"><source type=\"audio\/mpeg\" src=\"https:\/\/www.postira.art\/wp-content\/uploads\/2026\/03\/03_Karl-Muehlebach-Marsch_Audio.mp3?_=13\" \/><a href=\"https:\/\/www.postira.art\/wp-content\/uploads\/2026\/03\/03_Karl-Muehlebach-Marsch_Audio.mp3\">https:\/\/www.postira.art\/wp-content\/uploads\/2026\/03\/03_Karl-Muehlebach-Marsch_Audio.mp3<\/a><\/audio><br \/>\n<span style=\"color: #ff0000;\">New: Available from OBRASSO Verlag AG, Wiedlisbach<\/span> <a href=\"http:\/\/www.obrasso.ch\">Obrasso Verlag AG Wiedlisbach<\/a><\/p>\n<hr>\n<p><strong>La Pastorella<\/strong> <em>(Arrangement 2004 Blaskapelle\/Studioaufnahme)<\/em><br \/>\n<audio class=\"wp-audio-shortcode\" id=\"audio-2700-14\" preload=\"none\" style=\"width: 100%;\" controls=\"controls\"><source type=\"audio\/mpeg\" src=\"https:\/\/www.postira.art\/wp-content\/uploads\/2025\/04\/La-Pastorella.mp3?_=14\" \/><a href=\"https:\/\/www.postira.art\/wp-content\/uploads\/2025\/04\/La-Pastorella.mp3\">https:\/\/www.postira.art\/wp-content\/uploads\/2025\/04\/La-Pastorella.mp3<\/a><\/audio><\/p>\n<hr>\n<p><strong>Latin Feelings<\/strong> <em>(Komposition 2018, Arrangement 2025 Blaskapelle\/synthetische Aufnahme)<\/em><br \/>\n<audio class=\"wp-audio-shortcode\" id=\"audio-2700-15\" preload=\"none\" style=\"width: 100%;\" controls=\"controls\"><source type=\"audio\/mpeg\" src=\"https:\/\/www.postira.art\/wp-content\/uploads\/2026\/03\/03_Latin-Feeling_Audio.mp3?_=15\" \/><a href=\"https:\/\/www.postira.art\/wp-content\/uploads\/2026\/03\/03_Latin-Feeling_Audio.mp3\">https:\/\/www.postira.art\/wp-content\/uploads\/2026\/03\/03_Latin-Feeling_Audio.mp3<\/a><\/audio><br \/>\n<span style=\"color: #ff0000;\">New: Available from OBRASSO Verlag AG, Wiedlisbach<\/span> <a href=\"http:\/\/www.obrasso.ch\">Obrasso Verlag AG Wiedlisbach<\/a><\/p>\n<hr>\n<p><strong>Manuela <\/strong><em><span style=\"color: #ff0000;\">(Arrangement 2015\/2025<\/span> Solo-Trompete und Blaskapelle\/synthetische Aufnahme)<\/em><br \/>\n<audio class=\"wp-audio-shortcode\" id=\"audio-2700-16\" preload=\"none\" style=\"width: 100%;\" controls=\"controls\"><source type=\"audio\/mpeg\" src=\"https:\/\/www.postira.art\/wp-content\/uploads\/2026\/03\/03_Manuela_Audio.mp3?_=16\" \/><a href=\"https:\/\/www.postira.art\/wp-content\/uploads\/2026\/03\/03_Manuela_Audio.mp3\">https:\/\/www.postira.art\/wp-content\/uploads\/2026\/03\/03_Manuela_Audio.mp3<\/a><\/audio><br \/>\n<span style=\"color: #ff0000;\">New: Available from OBRASSO Verlag AG, Wiedlisbach<\/span> <a href=\"http:\/\/www.obrasso.ch\">Obrasso Verlag AG Wiedlisbach<\/a><\/p>\n<hr>\n<p><strong>Markus Z\u00fcrcher-Marsch <\/strong><em>(Komposition 2014 Blaskapelle\/Studioaufnahme)<\/em><br \/>\n<audio class=\"wp-audio-shortcode\" id=\"audio-2700-17\" preload=\"none\" style=\"width: 100%;\" controls=\"controls\"><source type=\"audio\/mpeg\" src=\"https:\/\/www.postira.art\/wp-content\/uploads\/2026\/03\/03_Markus-Zuercher-Marsch_Audio.mp3?_=17\" \/><a href=\"https:\/\/www.postira.art\/wp-content\/uploads\/2026\/03\/03_Markus-Zuercher-Marsch_Audio.mp3\">https:\/\/www.postira.art\/wp-content\/uploads\/2026\/03\/03_Markus-Zuercher-Marsch_Audio.mp3<\/a><\/audio><br \/>\n<span style=\"color: #ff0000;\">New: Available from OBRASSO Verlag AG, Wiedlisbach<\/span> <a href=\"http:\/\/www.obrasso.ch\">Obrasso Verlag AG Wiedlisbach<\/a><\/p>\n<hr>\n<p><strong>Marsch der Sieger<\/strong><em> (Arrangement 2014\/2025 Blaskapelle\/Studioaufnahme)<\/em><br \/>\n<audio class=\"wp-audio-shortcode\" id=\"audio-2700-18\" preload=\"none\" style=\"width: 100%;\" controls=\"controls\"><source type=\"audio\/mpeg\" src=\"https:\/\/www.postira.art\/wp-content\/uploads\/2025\/11\/Marsch-der-Sieger.mp3?_=18\" \/><a href=\"https:\/\/www.postira.art\/wp-content\/uploads\/2025\/11\/Marsch-der-Sieger.mp3\">https:\/\/www.postira.art\/wp-content\/uploads\/2025\/11\/Marsch-der-Sieger.mp3<\/a><\/audio><\/p>\n<hr>\n<p><strong>Maxglaner Zigeuner-Marsch<\/strong><em> (Arrangement 2014 Blaskapelle\/Studioaufnahme)<\/em><br \/>\n<audio class=\"wp-audio-shortcode\" id=\"audio-2700-19\" preload=\"none\" style=\"width: 100%;\" controls=\"controls\"><source type=\"audio\/mpeg\" src=\"https:\/\/www.postira.art\/wp-content\/uploads\/2025\/04\/Maxglaner-Zigeuner-Marsch.mp3?_=19\" \/><a href=\"https:\/\/www.postira.art\/wp-content\/uploads\/2025\/04\/Maxglaner-Zigeuner-Marsch.mp3\">https:\/\/www.postira.art\/wp-content\/uploads\/2025\/04\/Maxglaner-Zigeuner-Marsch.mp3<\/a><\/audio><\/p>\n<hr>\n<p><strong>Ritmo de Mar <\/strong><em>(Rumba, Komposition neu 2025 Blaskapelle\/synthetische Aufnahme)<\/em><br \/>\n<audio class=\"wp-audio-shortcode\" id=\"audio-2700-20\" preload=\"none\" style=\"width: 100%;\" controls=\"controls\"><source type=\"audio\/mpeg\" src=\"https:\/\/www.postira.art\/wp-content\/uploads\/2026\/03\/03_Ritmo-de-Mar_Audio.mp3?_=20\" \/><a href=\"https:\/\/www.postira.art\/wp-content\/uploads\/2026\/03\/03_Ritmo-de-Mar_Audio.mp3\">https:\/\/www.postira.art\/wp-content\/uploads\/2026\/03\/03_Ritmo-de-Mar_Audio.mp3<\/a><\/audio><br \/>\n<span style=\"color: #ff0000;\">New: Available from OBRASSO Verlag AG, Wiedlisbach<\/span> <a href=\"http:\/\/www.obrasso.ch\">Obrasso Verlag AG Wiedlisbach<\/a><\/p>\n<hr>\n<p><strong>Rucksack auf und los!<\/strong> <em><span style=\"color: #000000;\">(Komposition neu 2025 Blaskapelle <\/span><span style=\"color: #ff0000;\"><span style=\"color: #000000;\">\/synthetische Aufnahme)<\/span><\/span><\/em><br \/>\n<audio class=\"wp-audio-shortcode\" id=\"audio-2700-21\" preload=\"none\" style=\"width: 100%;\" controls=\"controls\"><source type=\"audio\/mpeg\" src=\"https:\/\/www.postira.art\/wp-content\/uploads\/2026\/03\/03_Rucksack-auf-und-los_Audio.mp3?_=21\" \/><a href=\"https:\/\/www.postira.art\/wp-content\/uploads\/2026\/03\/03_Rucksack-auf-und-los_Audio.mp3\">https:\/\/www.postira.art\/wp-content\/uploads\/2026\/03\/03_Rucksack-auf-und-los_Audio.mp3<\/a><\/audio><br \/>\n<span style=\"color: #ff0000;\">New: Available from OBRASSO Verlag AG, Wiedlisbach<\/span> <a href=\"http:\/\/www.obrasso.ch\">Obrasso Verlag AG Wiedlisbach<\/a><\/p>\n<hr>\n<p><strong>Sommerwind <\/strong><em>(Marsch, <span style=\"color: #000000;\">Komposition neu 2025<\/span> Blaskapelle\/synthetische Aufnahme)<\/em><br \/>\n<audio class=\"wp-audio-shortcode\" id=\"audio-2700-22\" preload=\"none\" style=\"width: 100%;\" controls=\"controls\"><source type=\"audio\/mpeg\" src=\"https:\/\/www.postira.art\/wp-content\/uploads\/2026\/03\/03_Sommerwind_Audio.mp3?_=22\" \/><a href=\"https:\/\/www.postira.art\/wp-content\/uploads\/2026\/03\/03_Sommerwind_Audio.mp3\">https:\/\/www.postira.art\/wp-content\/uploads\/2026\/03\/03_Sommerwind_Audio.mp3<\/a><\/audio><br \/>\n<span style=\"color: #ff0000;\">New: Available from OBRASSO Verlag AG, Wiedlisbach<\/span> <a href=\"http:\/\/www.obrasso.ch\">Obrasso Verlag AG Wiedlisbach<\/a><\/p>\n<hr>\n<p><strong>Sonnenschein-Polka <\/strong><em>(Komposition 2024 Blaskapelle\/synthetische Aufnahme)<\/em><br \/>\n<audio class=\"wp-audio-shortcode\" id=\"audio-2700-23\" preload=\"none\" style=\"width: 100%;\" controls=\"controls\"><source type=\"audio\/mpeg\" src=\"https:\/\/www.postira.art\/wp-content\/uploads\/2026\/03\/03_Sonnenschein-Polka_Audio.mp3?_=23\" \/><a href=\"https:\/\/www.postira.art\/wp-content\/uploads\/2026\/03\/03_Sonnenschein-Polka_Audio.mp3\">https:\/\/www.postira.art\/wp-content\/uploads\/2026\/03\/03_Sonnenschein-Polka_Audio.mp3<\/a><\/audio><br \/>\n<span style=\"color: #ff0000;\">New: Available from OBRASSO Verlag AG, Wiedlisbach<\/span> <a href=\"http:\/\/www.obrasso.ch\">Obrasso Verlag AG Wiedlisbach<\/a><\/p>\n<hr>\n<p><strong>S\u00fcdwind <\/strong><em>(Marsch \/ Komposition 2024 Blaskapelle\/synthetische Aufnahme)<\/em><br \/>\n<audio class=\"wp-audio-shortcode\" id=\"audio-2700-24\" preload=\"none\" style=\"width: 100%;\" controls=\"controls\"><source type=\"audio\/mpeg\" src=\"https:\/\/www.postira.art\/wp-content\/uploads\/2026\/03\/03_Suedwind_Audio.mp3?_=24\" \/><a href=\"https:\/\/www.postira.art\/wp-content\/uploads\/2026\/03\/03_Suedwind_Audio.mp3\">https:\/\/www.postira.art\/wp-content\/uploads\/2026\/03\/03_Suedwind_Audio.mp3<\/a><\/audio><br \/>\n<span style=\"color: #ff0000;\">New: Available from OBRASSO Verlag AG, Wiedlisbach<\/span> <a href=\"http:\/\/www.obrasso.ch\">Obrasso Verlag AG Wiedlisbach<\/a><\/p>\n<hr>\n<p><strong>Tenorhornwirbel <\/strong><em>(Tenorhorn Duett Komposition 2009 Blaskapelle und Harmonie\/Studioaufnahme)<\/em><br \/>\n<audio class=\"wp-audio-shortcode\" id=\"audio-2700-25\" preload=\"none\" style=\"width: 100%;\" controls=\"controls\"><source type=\"audio\/mpeg\" src=\"https:\/\/www.postira.art\/wp-content\/uploads\/2026\/03\/03_Tenorhornwirbel_Audio.mp3?_=25\" \/><a href=\"https:\/\/www.postira.art\/wp-content\/uploads\/2026\/03\/03_Tenorhornwirbel_Audio.mp3\">https:\/\/www.postira.art\/wp-content\/uploads\/2026\/03\/03_Tenorhornwirbel_Audio.mp3<\/a><\/audio><br \/>\n<span style=\"color: #ff0000;\">New: Available from OBRASSO Verlag AG, Wiedlisbach<\/span> <a href=\"http:\/\/www.obrasso.ch\">Obrasso Verlag AG Wiedlisbach<\/a><\/p>\n<hr>\n<p><strong>TI &#8211; WO <\/strong><em>(Tenorhorn Duett Komposition 2014 \/ <span style=\"color: #000000;\">Arrangement 2025<\/span> Blaskapelle \/synthetische Aufnahme)<\/em><br \/>\n<audio class=\"wp-audio-shortcode\" id=\"audio-2700-26\" preload=\"none\" style=\"width: 100%;\" controls=\"controls\"><source type=\"audio\/mpeg\" src=\"https:\/\/www.postira.art\/wp-content\/uploads\/2026\/03\/03_TI-WO_Audio.mp3?_=26\" \/><a href=\"https:\/\/www.postira.art\/wp-content\/uploads\/2026\/03\/03_TI-WO_Audio.mp3\">https:\/\/www.postira.art\/wp-content\/uploads\/2026\/03\/03_TI-WO_Audio.mp3<\/a><\/audio><br \/>\n<span style=\"color: #ff0000;\">New: Available from OBRASSO Verlag AG, Wiedlisbach<\/span> <a href=\"http:\/\/www.obrasso.ch\">Obrasso Verlag AG Wiedlisbach<\/a><\/p>\n<hr>\n<p><strong>Trombones Fun<\/strong> <em>(Komposition Blaskapelle 1993 <span style=\"color: #000000;\">Arrangement 2025<\/span>\/synthetische Aufnahme)<\/em><br \/>\n<audio class=\"wp-audio-shortcode\" id=\"audio-2700-27\" preload=\"none\" style=\"width: 100%;\" controls=\"controls\"><source type=\"audio\/mpeg\" src=\"https:\/\/www.postira.art\/wp-content\/uploads\/2026\/03\/03-Trombones-Fun_Audio.mp3?_=27\" \/><a href=\"https:\/\/www.postira.art\/wp-content\/uploads\/2026\/03\/03-Trombones-Fun_Audio.mp3\">https:\/\/www.postira.art\/wp-content\/uploads\/2026\/03\/03-Trombones-Fun_Audio.mp3<\/a><\/audio><br \/>\n<span style=\"color: #ff0000;\">New: Available from OBRASSO Verlag AG, Wiedlisbach<\/span> <a href=\"http:\/\/www.obrasso.ch\">Obrasso Verlag AG Wiedlisbach<\/a><\/p>\n<hr>\n<p><strong>Urlaubstr\u00e4ume <\/strong><em>(Komposition 2015 Blaskapelle und Harmonie\/Studioaufnahme)<\/em><br \/>\n<audio class=\"wp-audio-shortcode\" id=\"audio-2700-28\" preload=\"none\" style=\"width: 100%;\" controls=\"controls\"><source type=\"audio\/mpeg\" src=\"https:\/\/www.postira.art\/wp-content\/uploads\/2026\/03\/03_Urlaubstraeume_Audio.mp3?_=28\" \/><a href=\"https:\/\/www.postira.art\/wp-content\/uploads\/2026\/03\/03_Urlaubstraeume_Audio.mp3\">https:\/\/www.postira.art\/wp-content\/uploads\/2026\/03\/03_Urlaubstraeume_Audio.mp3<\/a><\/audio><br \/>\n<span style=\"color: #ff0000;\">New: Available from OBRASSO Verlag AG, Wiedlisbach<\/span> <a href=\"http:\/\/www.obrasso.ch\">Obrasso Verlag AG Wiedlisbach<\/a><\/p>\n<hr>\n<p><strong>Weggiser Sennenchilbi<\/strong> <em>(Polka <span style=\"color: #000000;\">Komposition 1991 Arrangement neu 2025<\/span> Blaskapelle\/synthetische Aufnahme)<\/em><br \/>\n<audio class=\"wp-audio-shortcode\" id=\"audio-2700-29\" preload=\"none\" style=\"width: 100%;\" controls=\"controls\"><source type=\"audio\/mpeg\" src=\"https:\/\/www.postira.art\/wp-content\/uploads\/2026\/03\/03_Weggiser-Sennenchilbi_Audio.mp3?_=29\" \/><a href=\"https:\/\/www.postira.art\/wp-content\/uploads\/2026\/03\/03_Weggiser-Sennenchilbi_Audio.mp3\">https:\/\/www.postira.art\/wp-content\/uploads\/2026\/03\/03_Weggiser-Sennenchilbi_Audio.mp3<\/a><\/audio><br \/>\n<span style=\"color: #ff0000;\">New: Available from OBRASSO Verlag AG, Wiedlisbach<\/span> <a href=\"http:\/\/www.obrasso.ch\">Obrasso Verlag AG Wiedlisbach<\/a><\/p>\n<hr>\n<p><strong>Wind und Wogen<\/strong> <em>(Marsch <span style=\"color: #000000;\">Komposition neu 2025<\/span> Blaskapelle\/synthetische Aufnahme)<\/em><br \/>\n<audio class=\"wp-audio-shortcode\" id=\"audio-2700-30\" preload=\"none\" style=\"width: 100%;\" controls=\"controls\"><source type=\"audio\/mpeg\" src=\"https:\/\/www.postira.art\/wp-content\/uploads\/2026\/03\/03_Wind-und-Wogen.mp3?_=30\" \/><a href=\"https:\/\/www.postira.art\/wp-content\/uploads\/2026\/03\/03_Wind-und-Wogen.mp3\">https:\/\/www.postira.art\/wp-content\/uploads\/2026\/03\/03_Wind-und-Wogen.mp3<\/a><\/audio><br \/>\n<span style=\"color: #ff0000;\">New: Available from OBRASSO Verlag AG, Wiedlisbach<\/span> <a href=\"http:\/\/www.obrasso.ch\">Obrasso Verlag AG Wiedlisbach<\/a><\/p>\n<hr>\n<h3>&nbsp;<\/h3>\n<h3><a id=\"Kapitel02\"><\/a><strong>D\u00edla a aran\u017em\u00e1 pro harmonick\u00e9 obsazen\u00ed<\/strong><\/h3>\n<p><strong>Einzug<\/strong> <em>(feierlicher Marsch Komposition 1992 <span style=\"color: #000000;\">Arrangement 2025<\/span> Harmonie\/synthetische Aufnahme)<\/em><br \/>\n<audio class=\"wp-audio-shortcode\" id=\"audio-2700-31\" preload=\"none\" style=\"width: 100%;\" controls=\"controls\"><source type=\"audio\/mpeg\" src=\"https:\/\/www.postira.art\/wp-content\/uploads\/2026\/03\/Einzug.mp3?_=31\" \/><a href=\"https:\/\/www.postira.art\/wp-content\/uploads\/2026\/03\/Einzug.mp3\">https:\/\/www.postira.art\/wp-content\/uploads\/2026\/03\/Einzug.mp3<\/a><\/audio><br \/>\n<span style=\"color: #ff0000;\">Neu: Zu beziehen bei OBRASSO Verlag AG, Wiedlisbach<\/span> <a href=\"http:\/\/www.obrasso.ch\">Obrasso Verlag AG Wiedlisbach<\/a><\/p>\n<hr>\n<p><strong>Evergreens<\/strong> <em>(Medley <span style=\"color: #000000;\">Arrangement neu 2025<\/span> Harmonie\/synthetische Aufnahme)<\/em><br \/>\n<audio class=\"wp-audio-shortcode\" id=\"audio-2700-32\" preload=\"none\" style=\"width: 100%;\" controls=\"controls\"><source type=\"audio\/mpeg\" src=\"https:\/\/www.postira.art\/wp-content\/uploads\/2025\/05\/Evergreens.mp3?_=32\" \/><a href=\"https:\/\/www.postira.art\/wp-content\/uploads\/2025\/05\/Evergreens.mp3\">https:\/\/www.postira.art\/wp-content\/uploads\/2025\/05\/Evergreens.mp3<\/a><\/audio><\/p>\n<hr>\n<p><strong>Fahne hoch!<\/strong> <em>(Marsch Komposition 1994 <span style=\"color: #000000;\">Arrangement 2025<\/span> Harmonie\/synthetische Aufnahme)<\/em><br \/>\n<audio class=\"wp-audio-shortcode\" id=\"audio-2700-33\" preload=\"none\" style=\"width: 100%;\" controls=\"controls\"><source type=\"audio\/mpeg\" src=\"https:\/\/www.postira.art\/wp-content\/uploads\/2025\/04\/Fahne-hoch_HF.mp3?_=33\" \/><a href=\"https:\/\/www.postira.art\/wp-content\/uploads\/2025\/04\/Fahne-hoch_HF.mp3\">https:\/\/www.postira.art\/wp-content\/uploads\/2025\/04\/Fahne-hoch_HF.mp3<\/a><\/audio><br \/>\n<span style=\"color: #ff0000;\">Neu: Zu beziehen bei OBRASSO Verlag AG, Wiedlisbach<\/span> <a href=\"http:\/\/www.obrasso.ch\">Obrasso Verlag AG Wiedlisbach<\/a><\/p>\n<hr>\n<p><strong>Festmarsch<\/strong> <em>(Komposition 1994\/<span style=\"color: #000000;\">Arrangement 2025<\/span> Harmoniebesetzung\/synthetische Aufnahme)<\/em><br \/>\n<audio class=\"wp-audio-shortcode\" id=\"audio-2700-34\" preload=\"none\" style=\"width: 100%;\" controls=\"controls\"><source type=\"audio\/mpeg\" src=\"https:\/\/www.postira.art\/wp-content\/uploads\/2025\/10\/Festmarsch.mp3?_=34\" \/><a href=\"https:\/\/www.postira.art\/wp-content\/uploads\/2025\/10\/Festmarsch.mp3\">https:\/\/www.postira.art\/wp-content\/uploads\/2025\/10\/Festmarsch.mp3<\/a><\/audio><br \/>\n<span style=\"color: #ff0000;\">Neu: Zu beziehen bei OBRASSO Verlag AG, Wiedlisbach<\/span> <a href=\"http:\/\/www.obrasso.ch\">Obrasso Verlag AG Wiedlisbach<\/a><\/p>\n<hr>\n<p><strong>Glanz der Sterne<\/strong><em> (Marsch\/Komposition 2024 Harmonie\/synthetische Aufnahme)<\/em><br \/>\n<audio class=\"wp-audio-shortcode\" id=\"audio-2700-35\" preload=\"none\" style=\"width: 100%;\" controls=\"controls\"><source type=\"audio\/mpeg\" src=\"https:\/\/www.postira.art\/wp-content\/uploads\/2025\/10\/Glanz-der-Sterne.mp3?_=35\" \/><a href=\"https:\/\/www.postira.art\/wp-content\/uploads\/2025\/10\/Glanz-der-Sterne.mp3\">https:\/\/www.postira.art\/wp-content\/uploads\/2025\/10\/Glanz-der-Sterne.mp3<\/a><\/audio><br \/>\n<span style=\"color: #ff0000;\">Neu: Zu beziehen bei OBRASSO Verlag AG, Wiedlisbach<\/span> <a href=\"http:\/\/www.obrasso.ch\">Obrasso Verlag AG Wiedlisbach<\/a><\/p>\n<hr>\n<p><strong>Pulcy-Polka <em>(<\/em><\/strong><em>Komposition 2002 <\/em><em><span style=\"color: #000000;\">Arrangement 2025<\/span> Harmonie und Blaskapelle\/synthetische Aufnahme)<\/em><br \/>\n<audio class=\"wp-audio-shortcode\" id=\"audio-2700-36\" preload=\"none\" style=\"width: 100%;\" controls=\"controls\"><source type=\"audio\/mpeg\" src=\"https:\/\/www.postira.art\/wp-content\/uploads\/2025\/09\/Pulcy-Polka_BK.mp3?_=36\" \/><a href=\"https:\/\/www.postira.art\/wp-content\/uploads\/2025\/09\/Pulcy-Polka_BK.mp3\">https:\/\/www.postira.art\/wp-content\/uploads\/2025\/09\/Pulcy-Polka_BK.mp3<\/a><\/audio><br \/>\n<span style=\"color: #ff0000;\">Neu: Zu beziehen bei OBRASSO Verlag AG, Wiedlisbach<\/span> <a href=\"http:\/\/www.obrasso.ch\">Obrasso Verlag AG Wiedlisbach<\/a><\/p>\n<hr>\n<p><strong>Traumwalzer<\/strong> <em>(Komposition Harmonie 1993 <span style=\"color: #000000;\">Arrangement 2025<\/span>\/synthetische Aufnahme)<\/em><br \/>\n<audio class=\"wp-audio-shortcode\" id=\"audio-2700-37\" preload=\"none\" style=\"width: 100%;\" controls=\"controls\"><source type=\"audio\/mpeg\" src=\"https:\/\/www.postira.art\/wp-content\/uploads\/2025\/08\/Traumwalzer_Harmonie.mp3?_=37\" \/><a href=\"https:\/\/www.postira.art\/wp-content\/uploads\/2025\/08\/Traumwalzer_Harmonie.mp3\">https:\/\/www.postira.art\/wp-content\/uploads\/2025\/08\/Traumwalzer_Harmonie.mp3<\/a><\/audio><br \/>\n<span style=\"color: #ff0000;\">Neu: Zu beziehen bei OBRASSO Verlag AG, Wiedlisbach<\/span> <a href=\"http:\/\/www.obrasso.ch\">Obrasso Verlag AG Wiedlisbach<\/a><\/p>\n<hr>\n<p><strong>UNI-ART(H)<\/strong> <em>(Marsch Komposition 2009 Harmonie <span style=\"color: #000000;\">Arrangement 2025<\/span>\/synthetische Aufnahme)<\/em><br \/>\n<audio class=\"wp-audio-shortcode\" id=\"audio-2700-38\" preload=\"none\" style=\"width: 100%;\" controls=\"controls\"><source type=\"audio\/mpeg\" src=\"https:\/\/www.postira.art\/wp-content\/uploads\/2025\/10\/UNI-ARTH.mp3?_=38\" \/><a href=\"https:\/\/www.postira.art\/wp-content\/uploads\/2025\/10\/UNI-ARTH.mp3\">https:\/\/www.postira.art\/wp-content\/uploads\/2025\/10\/UNI-ARTH.mp3<\/a><\/audio><br \/>\n<span style=\"color: #ff0000;\">Neu: Zu beziehen bei OBRASSO Verlag AG, Wiedlisbach<\/span> <a href=\"http:\/\/www.obrasso.ch\">Obrasso Verlag AG Wiedlisbach<\/a><\/p>\n<hr>\n<p><strong>Weggiser Sennenchilbi<\/strong> <em>(Polka Komposition 1991 Harmonie <span style=\"color: #000000;\">Arrangement 2025<\/span>\/synthetische Aufnahme)<\/em><br \/>\n<audio class=\"wp-audio-shortcode\" id=\"audio-2700-39\" preload=\"none\" style=\"width: 100%;\" controls=\"controls\"><source type=\"audio\/mpeg\" src=\"https:\/\/www.postira.art\/wp-content\/uploads\/2025\/07\/Weggiser-Sennenchilbi.mp3?_=39\" \/><a href=\"https:\/\/www.postira.art\/wp-content\/uploads\/2025\/07\/Weggiser-Sennenchilbi.mp3\">https:\/\/www.postira.art\/wp-content\/uploads\/2025\/07\/Weggiser-Sennenchilbi.mp3<\/a><\/audio><br \/>\n<span style=\"color: #ff0000;\">Neu: Zu beziehen bei OBRASSO Verlag AG, Wiedlisbach<\/span> <a href=\"http:\/\/www.obrasso.ch\">Obrasso Verlag AG Wiedlisbach<\/a><\/p>\n<hr>\n<h3>&nbsp;<\/h3>\n<h3><strong><a id=\"Kapitel03\"><\/a>D\u00edla a aran\u017em\u00e1 pro brass band<\/strong><\/h3>\n<p><strong>Brass Live <\/strong><em>(Marsch Komposition 1992 Brass Band\/Studioaufnahme)<\/em><br \/>\n<audio class=\"wp-audio-shortcode\" id=\"audio-2700-40\" preload=\"none\" style=\"width: 100%;\" controls=\"controls\"><source type=\"audio\/mpeg\" src=\"https:\/\/www.postira.art\/wp-content\/uploads\/2025\/04\/Brass-Live.mp3?_=40\" \/><a href=\"https:\/\/www.postira.art\/wp-content\/uploads\/2025\/04\/Brass-Live.mp3\">https:\/\/www.postira.art\/wp-content\/uploads\/2025\/04\/Brass-Live.mp3<\/a><\/audio><br \/>\n<span style=\"color: #ff0000;\">Neu: Zu beziehen bei OBRASSO Verlag AG, Wiedlisbach<\/span> <a href=\"http:\/\/www.obrasso.ch\">Obrasso Verlag AG Wiedlisbach<\/a><\/p>\n<hr>\n<p><strong>Bunzina <\/strong><em>(Marsch Komposition 2015 Brass Band\/synthetische Aufnahme)<\/em><br \/>\n<audio class=\"wp-audio-shortcode\" id=\"audio-2700-41\" preload=\"none\" style=\"width: 100%;\" controls=\"controls\"><source type=\"audio\/mpeg\" src=\"https:\/\/ww.postira.art\/wp-content\/uploads\/2025\/04\/Bunzina.mp3?_=41\" \/><a href=\"https:\/\/ww.postira.art\/wp-content\/uploads\/2025\/04\/Bunzina.mp3\">https:\/\/ww.postira.art\/wp-content\/uploads\/2025\/04\/Bunzina.mp3<\/a><\/audio><br \/>\n<span style=\"color: #ff0000;\">Neu: Zu beziehen bei OBRASSO Verlag AG, Wiedlisbach<\/span> <a href=\"http:\/\/www.obrasso.ch\">Obrasso Verlag AG Wiedlisbach<\/a><\/p>\n<hr>\n<p><strong>Fritz Kaltschmid-Marsch <\/strong><em>(Komposition 2003 Brass Band\/synthetische Aufnahme)<\/em><br \/>\n<audio class=\"wp-audio-shortcode\" id=\"audio-2700-42\" preload=\"none\" style=\"width: 100%;\" controls=\"controls\"><source type=\"audio\/mpeg\" src=\"https:\/\/www.postira.art\/wp-content\/uploads\/2025\/04\/Fritz-Kaltschmid-Marsch.mp3?_=42\" \/><a href=\"https:\/\/www.postira.art\/wp-content\/uploads\/2025\/04\/Fritz-Kaltschmid-Marsch.mp3\">https:\/\/www.postira.art\/wp-content\/uploads\/2025\/04\/Fritz-Kaltschmid-Marsch.mp3<\/a><\/audio><br \/>\n<span style=\"color: #ff0000;\">Neu: Zu beziehen bei OBRASSO Verlag AG, Wiedlisbach<\/span> <a href=\"http:\/\/www.obrasso.ch\">Obrasso Verlag AG Wiedlisbach<\/a><\/p>\n<hr>\n<p><strong>The Wild River<\/strong> <em>(Marsch Komposition 1995 <span style=\"color: #000000;\">Arrangement 2025<\/span> Brass Band\/synthetische Aufnahme)<\/em><br \/>\n<audio class=\"wp-audio-shortcode\" id=\"audio-2700-43\" preload=\"none\" style=\"width: 100%;\" controls=\"controls\"><source type=\"audio\/mpeg\" src=\"https:\/\/www.postira.art\/wp-content\/uploads\/2026\/03\/03_The-Wild-River_Audio.mp3?_=43\" \/><a href=\"https:\/\/www.postira.art\/wp-content\/uploads\/2026\/03\/03_The-Wild-River_Audio.mp3\">https:\/\/www.postira.art\/wp-content\/uploads\/2026\/03\/03_The-Wild-River_Audio.mp3<\/a><\/audio><br \/>\n<span style=\"color: #ff0000;\">Neu: Zu beziehen bei OBRASSO Verlag AG, Wiedlisbach<\/span> <a href=\"http:\/\/www.obrasso.ch\">Obrasso Verlag AG Wiedlisbach<\/a><\/p>\n<hr>\n<p><strong>Traumwalzer<\/strong> <em>(Komposition Brass Band 1993 <span style=\"color: #000000;\">Arrangement 2025<\/span>\/synthetische Aufnahme)<\/em><br \/>\n<audio class=\"wp-audio-shortcode\" id=\"audio-2700-44\" preload=\"none\" style=\"width: 100%;\" controls=\"controls\"><source type=\"audio\/mpeg\" src=\"https:\/\/www.postira.art\/wp-content\/uploads\/2025\/08\/Traumwalzer_BB.mp3?_=44\" \/><a href=\"https:\/\/www.postira.art\/wp-content\/uploads\/2025\/08\/Traumwalzer_BB.mp3\">https:\/\/www.postira.art\/wp-content\/uploads\/2025\/08\/Traumwalzer_BB.mp3<\/a><\/audio><br \/>\n<span style=\"color: #ff0000;\">Neu: Zu beziehen bei OBRASSO Verlag AG, Wiedlisbach<\/span> <a href=\"http:\/\/www.obrasso.ch\">Obrasso Verlag AG Wiedlisbach<\/a><\/p>\n<hr>\n<p><strong>Trombones Fun<\/strong> <em>(Komposition Brass Band 1993 <span style=\"color: #000000;\">Arrangement 2025<\/span>\/synthetische Aufnahme)&lt;<\/em><br \/>\n<audio class=\"wp-audio-shortcode\" id=\"audio-2700-45\" preload=\"none\" style=\"width: 100%;\" controls=\"controls\"><source type=\"audio\/mpeg\" src=\"https:\/\/www.postira.art\/wp-content\/uploads\/2025\/05\/Trombones-Fund-BB.mp3?_=45\" \/><a href=\"https:\/\/www.postira.art\/wp-content\/uploads\/2025\/05\/Trombones-Fund-BB.mp3\">https:\/\/www.postira.art\/wp-content\/uploads\/2025\/05\/Trombones-Fund-BB.mp3<\/a><\/audio><br \/>\n<span style=\"color: #ff0000;\">Neu: Zu beziehen bei OBRASSO Verlag AG, Wiedlisbach<\/span> <a href=\"http:\/\/www.obrasso.ch\">Obrasso Verlag AG Wiedlisbach<\/a><\/p>\n<hr>\n<h2>&nbsp;<\/h2>\n<h3 id=\"\u201cSprungmarke4\u2033\"><a id=\"Kapitel04\"><\/a>R\u016fzn\u00e9<\/h3>\n<p><strong>5er-Wurf<\/strong> <em>(<span style=\"color: #000000;\">Komposition f\u00fcr Brass Quintett 2025<\/span>, 2 Tpt.,1 Horn, 1 Pos., 1 Tuba, synthetische Aufnahme)<\/em><br \/>\n<audio class=\"wp-audio-shortcode\" id=\"audio-2700-46\" preload=\"none\" style=\"width: 100%;\" controls=\"controls\"><source type=\"audio\/mpeg\" src=\"https:\/\/www.postira.art\/wp-content\/uploads\/2025\/11\/5er-Wurf.mp3?_=46\" \/><a href=\"https:\/\/www.postira.art\/wp-content\/uploads\/2025\/11\/5er-Wurf.mp3\">https:\/\/www.postira.art\/wp-content\/uploads\/2025\/11\/5er-Wurf.mp3<\/a><\/audio><\/p>\n<hr>\n<p><strong>Vo Luz\u00e4rn g\u00e4ge W\u00e4ggis zue<\/strong> <em>(<span style=\"color: #000000;\">Arrangement Brass Quartett 2025<\/span>, 2 Tpt.\/2 Pos.\/synthetische Aufnahme)<\/em><br \/>\n<audio class=\"wp-audio-shortcode\" id=\"audio-2700-47\" preload=\"none\" style=\"width: 100%;\" controls=\"controls\"><source type=\"audio\/mpeg\" src=\"https:\/\/www.postira.art\/wp-content\/uploads\/2025\/04\/Vo-Luzaern-gaege-Waeggis-zue-1.mp3?_=47\" \/><a href=\"https:\/\/www.postira.art\/wp-content\/uploads\/2025\/04\/Vo-Luzaern-gaege-Waeggis-zue-1.mp3\">https:\/\/www.postira.art\/wp-content\/uploads\/2025\/04\/Vo-Luzaern-gaege-Waeggis-zue-1.mp3<\/a><\/audio><\/p>\n<hr>\n<p style=\"text-align: center;\">Folgende Kompositionen und Arrangements sind momentan in Bearbeitung und werden nach der Fertigstellung hier aufgeschaltet oder sind beim Verlag OBRASSO AG zu beziehen.:<\/p>\n<p><strong>&#8211; Boogie Race \/ <\/strong>f\u00fcr Harmoniebesetzung und Brass Band<br \/>\n<strong>&#8211; James forever \/ <\/strong>Medley f\u00fcr Blaskapelle<br \/>\n<strong>&#8211; Schuelhus Boogie <\/strong>\/ Jugendband<br \/>\n<strong>&#8211; Tenor 2.0 <\/strong>\/ Duett f\u00fcr Tenorh\u00f6rner und Blaskapelle<br \/>\n<strong>&#8211; Urner Liederstrauss<\/strong> \/Medley f\u00fcr Harmoniebesetzung<\/p>\n<hr>\n<p style=\"text-align: center;\"><span style=\"color: #ff0000;\">Neu werden die Kompositionen und teilweise auch die Arrangements von Willy Odermatt beim Schweizer Verlag OBRASSO AG, Wiedlisbach, verlegt. <a style=\"color: #ff0000;\" href=\"http:\/\/www.obrasso.ch\">OBRASSO AG Wiedlisbach<\/a><\/span><\/p>\n<p style=\"text-align: center;\">Bei Interesse an den Notens\u00e4tzen, die nicht bei OBRASSO AG verlegt werden, bitte E-Mail direkt an <strong><em><a href=\"707-MUSIC@postira.art\">707-MUSIC<\/a> <\/em><\/strong>senden. Bestellte Notens\u00e4tze werden als PDF-Dateien zugesandt.<\/p>\n<hr>\n<p style=\"text-align: center;\"><strong>707-MUSIC, <\/strong>Kobli\u017en\u00e1 683\/3, 602 00 Brno-st\u0159ed E-Mail: 707-MUSIC@postira.art<\/p>\n<hr>\n<p>&nbsp;<\/p>\n","protected":false},"excerpt":{"rendered":"<p>Werke und Arrangements f\u00fcr Blaskapelle Nov\u00e9 skladby a \u010d\u00e1ste\u010dn\u011b tak\u00e9 aran\u017em\u00e1 Willy Odermatt vyd\u00e1v\u00e1 \u0161v\u00fdcarsk\u00e9 hudebn\u00ed nakladatelstv\u00ed OBRASSO AG, Wiedlisbach. Flyer Blaskapelle Serie Musikverlag OBRASSO AG D\u00edla a aran\u017em\u00e1 pro dechov\u00fd orchestr D\u00edla a aran\u017em\u00e1 pro harmonick\u00e9 obsazen\u00ed D\u00edla a aran\u017em\u00e1 pro brass band R\u016fzn\u00e9 Advents-Zauberland (Polka f\u00fcr Blaskapelle, Komposition 2025 \/ synthetische Aufnahme) New:&hellip;&nbsp;<\/p>\n","protected":false},"author":2,"featured_media":0,"parent":0,"menu_order":0,"comment_status":"closed","ping_status":"closed","template":"","meta":{"neve_meta_sidebar":"","neve_meta_container":"","neve_meta_enable_content_width":"off","neve_meta_content_width":100,"neve_meta_title_alignment":"","neve_meta_author_avatar":"","neve_post_elements_order":"","neve_meta_disable_header":"","neve_meta_disable_footer":"","neve_meta_disable_title":"","ngg_post_thumbnail":0,"footnotes":""},"class_list":["post-2700","page","type-page","status-publish","hentry"],"_links":{"self":[{"href":"https:\/\/www.postira.art\/cs\/wp-json\/wp\/v2\/pages\/2700","targetHints":{"allow":["GET"]}}],"collection":[{"href":"https:\/\/www.postira.art\/cs\/wp-json\/wp\/v2\/pages"}],"about":[{"href":"https:\/\/www.postira.art\/cs\/wp-json\/wp\/v2\/types\/page"}],"author":[{"embeddable":true,"href":"https:\/\/www.postira.art\/cs\/wp-json\/wp\/v2\/users\/2"}],"replies":[{"embeddable":true,"href":"https:\/\/www.postira.art\/cs\/wp-json\/wp\/v2\/comments?post=2700"}],"version-history":[{"count":59,"href":"https:\/\/www.postira.art\/cs\/wp-json\/wp\/v2\/pages\/2700\/revisions"}],"predecessor-version":[{"id":3553,"href":"https:\/\/www.postira.art\/cs\/wp-json\/wp\/v2\/pages\/2700\/revisions\/3553"}],"wp:attachment":[{"href":"https:\/\/www.postira.art\/cs\/wp-json\/wp\/v2\/media?parent=2700"}],"curies":[{"name":"wp","href":"https:\/\/api.w.org\/{rel}","templated":true}]}}